{"id":11,"date":"2019-09-05T15:42:52","date_gmt":"2019-09-05T13:42:52","guid":{"rendered":"https:\/\/cafephilolagny.fr\/?page_id=11"},"modified":"2019-09-05T16:49:26","modified_gmt":"2019-09-05T14:49:26","slug":"les-sujets-abordes","status":"publish","type":"page","link":"https:\/\/www.cafephilolagny.fr\/?page_id=11","title":{"rendered":"Les sujets abord\u00e9s"},"content":{"rendered":"\n\n<table id=\"tablepress-1\" class=\"tablepress tablepress-id-1\">\n<thead>\n<tr class=\"row-1\">\n\t<th class=\"column-1\">Date<\/th><th class=\"column-2\">Sujet du d\u00e9bat<\/th><th class=\"column-3\">Nombre de participants<\/th>\n<\/tr>\n<\/thead>\n<tbody class=\"row-striping row-hover\">\n<tr class=\"row-2\">\n\t<td class=\"column-1\">18 avril 2026<\/td><td class=\"column-2\">La certitude est-elle l'ennemie mortelle de la tol\u00e9rance ?<\/td><td class=\"column-3\">12<\/td>\n<\/tr>\n<tr class=\"row-3\">\n\t<td class=\"column-1\">21 mars 2026<\/td><td class=\"column-2\">Si tu ne peux pas faire de grandes choses, fais de petites choses avec grandeur<\/td><td class=\"column-3\">13<\/td>\n<\/tr>\n<tr class=\"row-4\">\n\t<td class=\"column-1\">21 f\u00e9vrier 2026<\/td><td class=\"column-2\">Est-ce le regard du spectateur qui fait l'oeuvre d'art ?<\/td><td class=\"column-3\">9<\/td>\n<\/tr>\n<tr class=\"row-5\">\n\t<td class=\"column-1\">17 janvier 2026<\/td><td class=\"column-2\">La libert\u00e9 de penser consiste-t'elle \u00e0 pouvoir penser ce que l'on veut ? <\/td><td class=\"column-3\">16<\/td>\n<\/tr>\n<tr class=\"row-6\">\n\t<td class=\"column-1\">20 d\u00e9cembre 2025<\/td><td class=\"column-2\">Pourquoi fait-on croire aux enfants que le p\u00e8re No\u00ebl existe ?<\/td><td class=\"column-3\">15<\/td>\n<\/tr>\n<tr class=\"row-7\">\n\t<td class=\"column-1\">15 novembre 2025<\/td><td class=\"column-2\">Si la peur frappe \u00e0 ta porte et que tu as le courage de l'ouvrir, tu t'apercevras que derri\u00e8re il n'y a personne\" (sylvain Tesson).<\/td><td class=\"column-3\">16<\/td>\n<\/tr>\n<tr class=\"row-8\">\n\t<td class=\"column-1\">18 octobre 2025<\/td><td class=\"column-2\">Le Pardon lib\u00e8re l'\u00e2me<\/td><td class=\"column-3\">12<\/td>\n<\/tr>\n<tr class=\"row-9\">\n\t<td class=\"column-1\">20 septembre 2025<\/td><td class=\"column-2\">L'erreur propre aux artistes est de croire qu'ils trouveront mieux en m\u00e9ditant qu'en essayant... Ce qu'on voulait faire, c'est en le faisant qu'on le d\u00e9couvre.<\/td><td class=\"column-3\">15<\/td>\n<\/tr>\n<tr class=\"row-10\">\n\t<td class=\"column-1\">23 aout 2025<\/td><td class=\"column-2\">Nous sommes ce que nous faisons<\/td><td class=\"column-3\">13<\/td>\n<\/tr>\n<tr class=\"row-11\">\n\t<td class=\"column-1\">19 juillet 2025<\/td><td class=\"column-2\">Comment les spiritualit\u00e9s ont elles pu survivre aux avanc\u00e9es techniques et philosophiques ?<\/td><td class=\"column-3\">7<\/td>\n<\/tr>\n<tr class=\"row-12\">\n\t<td class=\"column-1\">21 juin 2025<\/td><td class=\"column-2\">Qu'est-ce que je perds quand je perd mon temps<\/td><td class=\"column-3\">12<\/td>\n<\/tr>\n<tr class=\"row-13\">\n\t<td class=\"column-1\">17 mai 2025<\/td><td class=\"column-2\">Le plus beau des courages c\u2019est celui d\u2019\u00eatre heureux.<\/td><td class=\"column-3\">12<\/td>\n<\/tr>\n<tr class=\"row-14\">\n\t<td class=\"column-1\">5 avril 2025<\/td><td class=\"column-2\">Les limites de mon langage signifient les limites de mon monde<\/td><td class=\"column-3\">13<\/td>\n<\/tr>\n<tr class=\"row-15\">\n\t<td class=\"column-1\">15 mars 2025<\/td><td class=\"column-2\">Faut-il croire en soi ?<\/td><td class=\"column-3\">13<\/td>\n<\/tr>\n<tr class=\"row-16\">\n\t<td class=\"column-1\">15 f\u00e9vrier 2025<\/td><td class=\"column-2\">La haine n'est pas le contraire de l'amour, c'est l'indiff\u00e9rence.<\/td><td class=\"column-3\">9<\/td>\n<\/tr>\n<tr class=\"row-17\">\n\t<td class=\"column-1\">18 janvier 2025<\/td><td class=\"column-2\">L\u2019id\u00e9al de la Libert\u00e9 est-il compatible avec l\u2019id\u00e9al d\u2019Egalit\u00e9 ?<\/td><td class=\"column-3\">19<\/td>\n<\/tr>\n<tr class=\"row-18\">\n\t<td class=\"column-1\">21 d\u00e9cembre 2024<\/td><td class=\"column-2\">Photo : Illusion ou r\u00e9alit\u00e9<\/td><td class=\"column-3\">14<\/td>\n<\/tr>\n<tr class=\"row-19\">\n\t<td class=\"column-1\">16 novembre 2024<\/td><td class=\"column-2\">Avancer c'est reculer<\/td><td class=\"column-3\">15<\/td>\n<\/tr>\n<tr class=\"row-20\">\n\t<td class=\"column-1\">19 octobre 2024<\/td><td class=\"column-2\">D\u00e9cider et choisir est-ce la m\u00eame chose ?<\/td><td class=\"column-3\">12<\/td>\n<\/tr>\n<tr class=\"row-21\">\n\t<td class=\"column-1\">21 septembre 2024<\/td><td class=\"column-2\">L'art contemporain<\/td><td class=\"column-3\">12<\/td>\n<\/tr>\n<tr class=\"row-22\">\n\t<td class=\"column-1\">24 aout 2024<\/td><td class=\"column-2\">\"En quoi est-ce que les \u00e9v\u00e9nements qui risquent de m'arriver me semblent plus importants que ceux qui arrivent aux autres ?\"<\/td><td class=\"column-3\">13<\/td>\n<\/tr>\n<tr class=\"row-23\">\n\t<td class=\"column-1\">22 juin 2024<\/td><td class=\"column-2\">\"Qu'est-ce qui est rationnel ?\"<\/td><td class=\"column-3\">6<\/td>\n<\/tr>\n<tr class=\"row-24\">\n\t<td class=\"column-1\">11 mai 2024<\/td><td class=\"column-2\">\"Le v\u00e9ritable voyage ne consiste pas \u00e0 chercher de nouveaux paysages mais \u00e0 avoir de nouveaux yeux \u00bb (Marcel Proust)<\/td><td class=\"column-3\">4<\/td>\n<\/tr>\n<tr class=\"row-25\">\n\t<td class=\"column-1\">20 avril 2024<\/td><td class=\"column-2\">\"Qu'est-ce que la r\u00e9alit\u00e9 de nos jours ?\"<\/td><td class=\"column-3\">15<\/td>\n<\/tr>\n<tr class=\"row-26\">\n\t<td class=\"column-1\">16 mars 2024<\/td><td class=\"column-2\">\"La seule v\u00e9ritable erreur est celle dont on ne retire aucun enseignement\"<\/td><td class=\"column-3\">9<\/td>\n<\/tr>\n<tr class=\"row-27\">\n\t<td class=\"column-1\">17 f\u00e9vrier 2024<\/td><td class=\"column-2\">\"Le bonheur, voyage ou destination ?\"<\/td><td class=\"column-3\">8<\/td>\n<\/tr>\n<tr class=\"row-28\">\n\t<td class=\"column-1\">20 janvier 2024<\/td><td class=\"column-2\">\"L'importance du beau\"<\/td><td class=\"column-3\">10<\/td>\n<\/tr>\n<tr class=\"row-29\">\n\t<td class=\"column-1\">2 d\u00e9cembre 2023<\/td><td class=\"column-2\">\"Violence est-ce une solution ?\"<\/td><td class=\"column-3\">7<\/td>\n<\/tr>\n<tr class=\"row-30\">\n\t<td class=\"column-1\">18 novembre 2023<\/td><td class=\"column-2\">\"V\u00e9rit\u00e9 aujourd'hui, mensonge demain\"<\/td><td class=\"column-3\">8<\/td>\n<\/tr>\n<tr class=\"row-31\">\n\t<td class=\"column-1\">21 octobre 2023<\/td><td class=\"column-2\">\"Comment expliquer la polarisation de la soci\u00e9t\u00e9 ?\"<\/td><td class=\"column-3\">10<\/td>\n<\/tr>\n<tr class=\"row-32\">\n\t<td class=\"column-1\">16 septembre 2023<\/td><td class=\"column-2\">\"Qu'est-ce qui fait un pays\"<\/td><td class=\"column-3\">7<\/td>\n<\/tr>\n<tr class=\"row-33\">\n\t<td class=\"column-1\">20 mai 2023<\/td><td class=\"column-2\">\"On ne nait pas femme on le devient\"<\/td><td class=\"column-3\">7<\/td>\n<\/tr>\n<tr class=\"row-34\">\n\t<td class=\"column-1\">15 avril 2023<\/td><td class=\"column-2\">\"Science et conscience dans le domaine m\u00e9dical\"<\/td><td class=\"column-3\">9<\/td>\n<\/tr>\n<tr class=\"row-35\">\n\t<td class=\"column-1\">18 mars 2023<\/td><td class=\"column-2\">\"Comment allons nous vivre avec l'intelligence artificielle\"<\/td><td class=\"column-3\">8<\/td>\n<\/tr>\n<tr class=\"row-36\">\n\t<td class=\"column-1\">11 f\u00e9vrier 2023<\/td><td class=\"column-2\">\"La libert\u00e9 ce n'est pas de sortir mais de savoir que la porte est ouverte\"<\/td><td class=\"column-3\">8<\/td>\n<\/tr>\n<tr class=\"row-37\">\n\t<td class=\"column-1\">21 janvier 2023<\/td><td class=\"column-2\">\"Comment maitriser sa col\u00e8re\"<\/td><td class=\"column-3\">14<\/td>\n<\/tr>\n<tr class=\"row-38\">\n\t<td class=\"column-1\">2020 \u00e0 2022<\/td><td class=\"column-2\">Annul\u00e9 pour cause de Covid-19<\/td><td class=\"column-3\"><\/td>\n<\/tr>\n<tr class=\"row-39\">\n\t<td class=\"column-1\">15 f\u00e9vrier 2020<\/td><td class=\"column-2\">\"Ils ne sont pas s\u00e9rieux, ils ne savent pas rire\"<\/td><td class=\"column-3\"><\/td>\n<\/tr>\n<tr class=\"row-40\">\n\t<td class=\"column-1\">18 janvier 2020<\/td><td class=\"column-2\">13\u00b0 anniversaire : \u00ab De quoi a-t-on vraiment besoin ? \u00bb<\/td><td class=\"column-3\"><\/td>\n<\/tr>\n<tr class=\"row-41\">\n\t<td class=\"column-1\">21 d\u00e9cembre 2019<\/td><td class=\"column-2\">\u00ab Peut-on r\u00e9fl\u00e9chir sans doctrine ? \u00bb<\/td><td class=\"column-3\"><\/td>\n<\/tr>\n<tr class=\"row-42\">\n\t<td class=\"column-1\">16 novembre 2019<\/td><td class=\"column-2\">\u00ab Convaincre ou s\u00e9duire \u00bb<\/td><td class=\"column-3\"><\/td>\n<\/tr>\n<tr class=\"row-43\">\n\t<td class=\"column-1\">19 octobre 2019<\/td><td class=\"column-2\">\u00ab Le travail est notre perte, mais la seule fa\u00e7on de ne pas p\u00e9rir passe \u00e9galement par le travail \u00bb<br \/>\nAlexandre Soljenitsyne<\/td><td class=\"column-3\"><\/td>\n<\/tr>\n<tr class=\"row-44\">\n\t<td class=\"column-1\">21 septembre 2019<\/td><td class=\"column-2\">\u00ab Le but : le salut ; le moyen : le sacrifice \u00bb Victor Hugo<\/td><td class=\"column-3\"><\/td>\n<\/tr>\n<tr class=\"row-45\">\n\t<td class=\"column-1\">15 juin 2019<\/td><td class=\"column-2\">\u00ab Education et apprentissage \u00bb<\/td><td class=\"column-3\"><\/td>\n<\/tr>\n<tr class=\"row-46\">\n\t<td class=\"column-1\">18 mai 2019<\/td><td class=\"column-2\">\u00ab L\u00e0 ou croit le danger croit aussi ce qui sauve \u00bb H\u00f6lderlin<\/td><td class=\"column-3\"><\/td>\n<\/tr>\n<tr class=\"row-47\">\n\t<td class=\"column-1\">20 avril 2019<\/td><td class=\"column-2\">\u00ab La rose est sans pourquoi, elle fleurit parce qu'elle fleurit \u00bb Angelus Silesius<\/td><td class=\"column-3\"><\/td>\n<\/tr>\n<tr class=\"row-48\">\n\t<td class=\"column-1\">16 mars 2019<\/td><td class=\"column-2\">\u00ab\u00a0Comment vivre ensemble en respectant chaque personnalit\u00e9 ? \u00bb<\/td><td class=\"column-3\"><\/td>\n<\/tr>\n<tr class=\"row-49\">\n\t<td class=\"column-1\">16 f\u00e9vr. 2019<\/td><td class=\"column-2\">\u00ab\u00a0Il faudrait essayer d\u2019\u00eatre heureux, ne serait-ce que pour donner l\u2019exemple ! \u00bb, J. Pr\u00e9vert<\/td><td class=\"column-3\"><\/td>\n<\/tr>\n<tr class=\"row-50\">\n\t<td class=\"column-1\">19 janv. 2019<\/td><td class=\"column-2\">12\u00b0 anniversaire : \u00ab La peur est-elle r\u00e9elle ou imaginaire ? \u00bb<\/td><td class=\"column-3\"><\/td>\n<\/tr>\n<tr class=\"row-51\">\n\t<td class=\"column-1\">15 d\u00e9c. 2018<\/td><td class=\"column-2\">\u00ab\u00a0Quand tu auras d\u00e9sappris \u00e0 esp\u00e9rer, je t\u2019apprendrai \u00e0 vouloir \u00bb, S\u00e9n\u00e8que<\/td><td class=\"column-3\"><\/td>\n<\/tr>\n<tr class=\"row-52\">\n\t<td class=\"column-1\">17 nov. 2018<\/td><td class=\"column-2\">\u00ab\u00a0La promesse de la chenille n\u2019engage pas le papillon ! \u00bb, A. Gide<\/td><td class=\"column-3\"><\/td>\n<\/tr>\n<tr class=\"row-53\">\n\t<td class=\"column-1\">20 oct. 2018<\/td><td class=\"column-2\">\u00ab\u00a0Parler fran\u00e7ais n\u2019est pas une preuve d\u2019intelligence \u00bb, proverbe cr\u00e9ole<\/td><td class=\"column-3\"><\/td>\n<\/tr>\n<tr class=\"row-54\">\n\t<td class=\"column-1\">15 sept. 2018<\/td><td class=\"column-2\">Caf\u00e9 Philo transf\u00e9r\u00e9 au Saint Furcy, 6 place de la Fontaine \u00e0 Lagny : \u00ab Les erreurs passent, il n\u2019y a que le vrai qui reste \u00bb, Diderot<\/td><td class=\"column-3\"><\/td>\n<\/tr>\n<tr class=\"row-55\">\n\t<td class=\"column-1\">16 juin 2018<\/td><td class=\"column-2\">\u00ab\u00a0Pourquoi et comment cultiver la curiosit\u00e9 et l\u2019envie d\u2019apprendre ? \u00bb<\/td><td class=\"column-3\"><\/td>\n<\/tr>\n<tr class=\"row-56\">\n\t<td class=\"column-1\">19 mai 2018<\/td><td class=\"column-2\">\u00ab\u00a0Que reste-t-il de Mai 68 ? \u00bb<\/td><td class=\"column-3\"><\/td>\n<\/tr>\n<tr class=\"row-57\">\n\t<td class=\"column-1\">21 avril 2018<\/td><td class=\"column-2\">\u00ab Rumeurs et superstitions ! \u00bb<\/td><td class=\"column-3\"><\/td>\n<\/tr>\n<tr class=\"row-58\">\n\t<td class=\"column-1\">17 mars 2018<\/td><td class=\"column-2\">\u00ab\u00a0L\u2019imaginaire aide-t-il \u00e0 vivre ?\u00a0\u00bb<\/td><td class=\"column-3\"><\/td>\n<\/tr>\n<tr class=\"row-59\">\n\t<td class=\"column-1\">17 f\u00e9vr. 2018<\/td><td class=\"column-2\">\u00ab\u00a0Deviens ce que tu es ! \u00bb, F. Nietzsche<\/td><td class=\"column-3\"><\/td>\n<\/tr>\n<tr class=\"row-60\">\n\t<td class=\"column-1\">20 janv. 2018<\/td><td class=\"column-2\">11\u00b0 anniversaire : \u00ab\u00a0Comment r\u00e9ussir \u00e0 avoir un esprit lucide,<br \/>\nclairvoyant, et \u00e0 prendre du recul par rapport \u00e0 ses \u00e9motions ?\u00a0\u00bb<br \/>\n<\/td><td class=\"column-3\"><\/td>\n<\/tr>\n<tr class=\"row-61\">\n\t<td class=\"column-1\">16 d\u00e9c. 2017<\/td><td class=\"column-2\">\u00ab Faut-il se m\u00e9fier de ses \u00e9motions ? \u00bb<\/td><td class=\"column-3\"><\/td>\n<\/tr>\n<tr class=\"row-62\">\n\t<td class=\"column-1\">18 nov. 2017<\/td><td class=\"column-2\">\u00ab\u00a0Pourquoi est-il si compliqu\u00e9 d\u2019\u00eatre simple ? \u00bb<\/td><td class=\"column-3\"><\/td>\n<\/tr>\n<tr class=\"row-63\">\n\t<td class=\"column-1\">21 oct. 2017<\/td><td class=\"column-2\">\u00ab\u00a0Qu\u2019est-ce que r\u00e9ussir sa vie ?\u00a0\u00bb<\/td><td class=\"column-3\"><\/td>\n<\/tr>\n<tr class=\"row-64\">\n\t<td class=\"column-1\">16 sept. 2017<\/td><td class=\"column-2\">\u00ab\u00a0La bienveillance, nouveau concept creux ou vraie n\u00e9cessit\u00e9 ?\u00a0\u00bb<\/td><td class=\"column-3\"><\/td>\n<\/tr>\n<tr class=\"row-65\">\n\t<td class=\"column-1\">17 juin 2017<\/td><td class=\"column-2\">\u00ab\u00a0Vive(nt) les vacances ! \u00bb<\/td><td class=\"column-3\"><\/td>\n<\/tr>\n<tr class=\"row-66\">\n\t<td class=\"column-1\">20 mai 2017<\/td><td class=\"column-2\">\u00ab\u00a0L\u2019\u00e9litisme est-il\u00a0un enfermement ? \u00bb<\/td><td class=\"column-3\"><\/td>\n<\/tr>\n<tr class=\"row-67\">\n\t<td class=\"column-1\">15 avril 2017<\/td><td class=\"column-2\">\u00ab\u00a0Le superflu\u00a0est-il n\u00e9cessaire ? \u00bb, Voltaire<\/td><td class=\"column-3\"><\/td>\n<\/tr>\n<tr class=\"row-68\">\n\t<td class=\"column-1\">18 mars 2017<\/td><td class=\"column-2\">\u00ab\u00a0Le seul vrai courage n\u2019est pas de tuer un homme, mais de tuer les id\u00e9es qui tuent un homme\u00a0! \u00bb, d\u2019apr\u00e8s le philosophe Alain<\/td><td class=\"column-3\"><\/td>\n<\/tr>\n<tr class=\"row-69\">\n\t<td class=\"column-1\">18 f\u00e9vr. 2017<\/td><td class=\"column-2\">\u00ab\u00a0Le miroir aux alouettes ! \u00bb<\/td><td class=\"column-3\"><\/td>\n<\/tr>\n<tr class=\"row-70\">\n\t<td class=\"column-1\">21 janv. 2017<\/td><td class=\"column-2\">10\u00b0 anniversaire (anim\u00e9 par Gunter GORHAN) : \u00ab\u00a0Si on ne donne \tpas sa vie pour quelque chose, on finira par la donner pour rien \u00bb, J.P. Sartre<\/td><td class=\"column-3\"><\/td>\n<\/tr>\n<tr class=\"row-71\">\n\t<td class=\"column-1\">17 d\u00e9c. 2016<\/td><td class=\"column-2\">\u00ab Les hommes font l\u2019histoire, mais ils ne savent pas l\u2019histoire qu\u2019ils font !\u00a0\u00bb, R. Aron<\/td><td class=\"column-3\"><\/td>\n<\/tr>\n<tr class=\"row-72\">\n\t<td class=\"column-1\">19 nov. 2016<\/td><td class=\"column-2\">\u00ab\u00a0Aujourd\u2019hui n\u2019est pas comme hier, est-ce une catastrophe ? \u00bb<\/td><td class=\"column-3\"><\/td>\n<\/tr>\n<tr class=\"row-73\">\n\t<td class=\"column-1\">15 oct. 2016<\/td><td class=\"column-2\">\u00ab\u00a0Les femmes, c\u2019est comme les routes, c\u2019est cher \u00e0 entretenir !\u00a0\u00bb,<br \/>\nprovocation d\u2019un humoriste des ann\u00e9es 50 !<br \/>\n<\/td><td class=\"column-3\"><\/td>\n<\/tr>\n<tr class=\"row-74\">\n\t<td class=\"column-1\">17 sept. 2016<\/td><td class=\"column-2\">\u00ab\u00a0La na\u00efvet\u00e9 est-elle un vilain d\u00e9faut ?\u00a0\u00bb<\/td><td class=\"column-3\"><\/td>\n<\/tr>\n<tr class=\"row-75\">\n\t<td class=\"column-1\">18 juin 2016<\/td><td class=\"column-2\">\u00ab Rien n\u2019est mort, que ce qui n\u2019existe pas encore\u00a0\u00bb, G. Apollinaire<\/td><td class=\"column-3\"><\/td>\n<\/tr>\n<tr class=\"row-76\">\n\t<td class=\"column-1\">21 mai 2016<\/td><td class=\"column-2\">\u00ab La r\u00e9flexion philosophique peut-elle se d\u00e9tacher de la condition humaine ? \u00bb.<\/td><td class=\"column-3\"><\/td>\n<\/tr>\n<tr class=\"row-77\">\n\t<td class=\"column-1\">16 avril 2016<\/td><td class=\"column-2\">\u00ab Il n'y a pas de faits, il n'y a que des interpr\u00e9tations ! \u00bb, F. Nietzsche<\/td><td class=\"column-3\"><\/td>\n<\/tr>\n<tr class=\"row-78\">\n\t<td class=\"column-1\">19 mars 2016<\/td><td class=\"column-2\">\u00ab \u00catre ou Avoir !? \u00bb<\/td><td class=\"column-3\"><\/td>\n<\/tr>\n<tr class=\"row-79\">\n\t<td class=\"column-1\">20 f\u00e9vr. 2016<\/td><td class=\"column-2\">\u00ab J'ai d\u00e9cid\u00e9 d'\u00eatre heureux parce que c'est bon pour la sant\u00e9 ! \u00bb, tir\u00e9 d'une lettre de Voltaire<\/td><td class=\"column-3\"><\/td>\n<\/tr>\n<tr class=\"row-80\">\n\t<td class=\"column-1\">16 janv. 2016<\/td><td class=\"column-2\">9\u00b0 anniversaire : \u00ab Dire que les femmes sont masochistes est un pl\u00e9onasme ! \u00bb, provocation d'un groupe f\u00e9ministe am\u00e9ricain<\/td><td class=\"column-3\"><\/td>\n<\/tr>\n<tr class=\"row-81\">\n\t<td class=\"column-1\">19 d\u00e9c. 2015<\/td><td class=\"column-2\">\u00ab Sois belle et tais-toi ! (t'es toi ?) \u00bb<\/td><td class=\"column-3\"><\/td>\n<\/tr>\n<tr class=\"row-82\">\n\t<td class=\"column-1\">21 nov. 2015<\/td><td class=\"column-2\">\u00ab Chacun, parce qu'il pense, est seul responsable de la sagesse ou de la folie de sa vie, c'est-\u00e0-dire, de sa destin\u00e9e \u00bb, cf. Platon<\/td><td class=\"column-3\"><\/td>\n<\/tr>\n<tr class=\"row-83\">\n\t<td class=\"column-1\">17 oct. 2015<\/td><td class=\"column-2\">\u00ab Tout ce que tu feras sera d\u00e9risoire, mais il est n\u00e9cessaire que tu le fasses \u00bb, le Mahatma Gandhi<\/td><td class=\"column-3\"><\/td>\n<\/tr>\n<tr class=\"row-84\">\n\t<td class=\"column-1\">19 sept. 2015<\/td><td class=\"column-2\">\u00ab L'avenir nous tourmente, le pass\u00e9 nous retient, c'est pour \u00e7a que le pr\u00e9sent nous \u00e9chappe \u00bb, Gustave Flaubert<\/td><td class=\"column-3\"><\/td>\n<\/tr>\n<tr class=\"row-85\">\n\t<td class=\"column-1\">20 juin 2015<\/td><td class=\"column-2\">\u00ab L'homme n'a pas de racines, il a des pieds ! \u00bb, S. Rushdie<\/td><td class=\"column-3\"><\/td>\n<\/tr>\n<tr class=\"row-86\">\n\t<td class=\"column-1\">16 mai 2015<\/td><td class=\"column-2\">\u00ab La libert\u00e9, ce n'est pas de sortir mais de savoir que la porte est ouverte \u00bb, J.J. Rousseau<\/td><td class=\"column-3\"><\/td>\n<\/tr>\n<tr class=\"row-87\">\n\t<td class=\"column-1\">18 avril 2015<\/td><td class=\"column-2\">\u00ab Mal nommer les choses, c'est ajouter au malheur du monde \u00bb, Albert Camus<\/td><td class=\"column-3\"><\/td>\n<\/tr>\n<tr class=\"row-88\">\n\t<td class=\"column-1\">21 mars 2015<\/td><td class=\"column-2\">\u00ab Quelle place dans la soci\u00e9t\u00e9 pour les inactifs ? \u00bb<\/td><td class=\"column-3\"><\/td>\n<\/tr>\n<tr class=\"row-89\">\n\t<td class=\"column-1\">21 f\u00e9vr. 2015<\/td><td class=\"column-2\">\u00ab Sommes-nous tous drogu\u00e9s ? \u00bb<\/td><td class=\"column-3\"><\/td>\n<\/tr>\n<tr class=\"row-90\">\n\t<td class=\"column-1\">17 janv. 2015<\/td><td class=\"column-2\">8\u00b0 anniversaire : \u00ab La nuance est-elle une l\u00e2chet\u00e9 ? \u00bb, avec la participation d'un groupe vocal de langue russe venu de Neuilly<\/td><td class=\"column-3\"><\/td>\n<\/tr>\n<tr class=\"row-91\">\n\t<td class=\"column-1\">20 d\u00e9c. 2014<\/td><td class=\"column-2\">\u00ab De quelle histoire sommes-nous les h\u00e9ritiers ? \u00bb<\/td><td class=\"column-3\"><\/td>\n<\/tr>\n<tr class=\"row-92\">\n\t<td class=\"column-1\">15 nov. 2014<\/td><td class=\"column-2\">\u00ab Fraternit\u00e9 r\u00e9publicaine, qu'est-ce ? \u00bb<\/td><td class=\"column-3\"><\/td>\n<\/tr>\n<tr class=\"row-93\">\n\t<td class=\"column-1\">18 oct. 2014<\/td><td class=\"column-2\">\u00ab La v\u00e9rit\u00e9 des apparences !? \u00bb<\/td><td class=\"column-3\"><\/td>\n<\/tr>\n<tr class=\"row-94\">\n\t<td class=\"column-1\">20 sept. 2014<\/td><td class=\"column-2\">\u00ab Existe-t-on quand personne ne nous regarde ? \u00bb<\/td><td class=\"column-3\"><\/td>\n<\/tr>\n<tr class=\"row-95\">\n\t<td class=\"column-1\">19 juillet 2014<\/td><td class=\"column-2\">\u00ab Quelle est la chose la plus importante pour l'individu dans la soci\u00e9t\u00e9 ? \u00bb<\/td><td class=\"column-3\"><\/td>\n<\/tr>\n<tr class=\"row-96\">\n\t<td class=\"column-1\">21 juin 2014<\/td><td class=\"column-2\">\u00ab A-t-on besoin d'un guide, religion, id\u00e9ologie\u2026 pour bien se conduire dans la vie ? \u00bb<\/td><td class=\"column-3\"><\/td>\n<\/tr>\n<tr class=\"row-97\">\n\t<td class=\"column-1\">17 mai 2014<\/td><td class=\"column-2\">\u00ab L'empathie est-elle compatible avec la loi de la nature ? \u00bb, question attribu\u00e9e au p\u00e8re de Th\u00e9odore Monod.<\/td><td class=\"column-3\"><\/td>\n<\/tr>\n<tr class=\"row-98\">\n\t<td class=\"column-1\">19 avril 2014<\/td><td class=\"column-2\">\u00ab Peut-on entendre la v\u00e9rit\u00e9 ? \u00bb<\/td><td class=\"column-3\"><\/td>\n<\/tr>\n<tr class=\"row-99\">\n\t<td class=\"column-1\">15 mars 2014<\/td><td class=\"column-2\">\u00ab La d\u00e9pendance engendre-t-elle l'esclavage ? \u00bb<\/td><td class=\"column-3\"><\/td>\n<\/tr>\n<tr class=\"row-100\">\n\t<td class=\"column-1\">15 f\u00e9vr. 2014<\/td><td class=\"column-2\">\u00ab Faut-il, pour \u00eatre acceptable en soci\u00e9t\u00e9, n'\u00eatre que l\u00e9g\u00e8ret\u00e9 ? \u00bb<\/td><td class=\"column-3\"><\/td>\n<\/tr>\n<tr class=\"row-101\">\n\t<td class=\"column-1\">18 janv. 2014<\/td><td class=\"column-2\">7\u00b0 anniversaire : \u00ab Le silence, pourquoi, pour quoi ? \u00bb<\/td><td class=\"column-3\"><\/td>\n<\/tr>\n<tr class=\"row-102\">\n\t<td class=\"column-1\">21 d\u00e9c. 2013<\/td><td class=\"column-2\">\u00ab Le but de l\u2019Homme n\u2019est-il pas de faire des choses qui ne servent \u00e0 rien ? \u00bb<\/td><td class=\"column-3\"><\/td>\n<\/tr>\n<tr class=\"row-103\">\n\t<td class=\"column-1\">16 nov. 2013<\/td><td class=\"column-2\">\u00ab Les grands ne nous paraissent grands que parce que nous sommes \u00e0 genoux ! \u00bb, \u00c9tienne de La Bo\u00e9tie<\/td><td class=\"column-3\"><\/td>\n<\/tr>\n<tr class=\"row-104\">\n\t<td class=\"column-1\">19 oct. 2013<\/td><td class=\"column-2\">\u00ab Est-il indispensable d\u2019\u00eatre \u00e9go\u00efste ? \u00bb<\/td><td class=\"column-3\"><\/td>\n<\/tr>\n<tr class=\"row-105\">\n\t<td class=\"column-1\">21 sept. 2013<\/td><td class=\"column-2\">\u00ab Simple crise, ou grand changement de soci\u00e9t\u00e9 ? \u00bb<\/td><td class=\"column-3\"><\/td>\n<\/tr>\n<tr class=\"row-106\">\n\t<td class=\"column-1\">15 juin 2013<\/td><td class=\"column-2\">\u00ab Du r\u00e9flexe \u00e0 la r\u00e9flexion ! \u00bb<\/td><td class=\"column-3\"><\/td>\n<\/tr>\n<tr class=\"row-107\">\n\t<td class=\"column-1\">18 mai 2013<\/td><td class=\"column-2\">\u00ab Survie de la pens\u00e9e, pens\u00e9e de la survie ? \u00bb<\/td><td class=\"column-3\"><\/td>\n<\/tr>\n<tr class=\"row-108\">\n\t<td class=\"column-1\">20 avril 2013<\/td><td class=\"column-2\">\u00ab Fronti\u00e8re entre savoir-vivre et intol\u00e9rance ? \u00bb<\/td><td class=\"column-3\"><\/td>\n<\/tr>\n<tr class=\"row-109\">\n\t<td class=\"column-1\">16 mars 2013<\/td><td class=\"column-2\">\u00ab La vieillesse est-elle une d\u00e9ch\u00e9ance (sociale) ? \u00bb<\/td><td class=\"column-3\"><\/td>\n<\/tr>\n<tr class=\"row-110\">\n\t<td class=\"column-1\">16 f\u00e9vr. 2013<\/td><td class=\"column-2\">\u00ab Qui, pour changer le monde ? \u00bb<\/td><td class=\"column-3\"><\/td>\n<\/tr>\n<tr class=\"row-111\">\n\t<td class=\"column-1\">19 janv. 2013<\/td><td class=\"column-2\">6\u00b0 anniversaire : \u00ab Peut-on \/ doit-on arr\u00eater le progr\u00e8s ? \u00bb<\/td><td class=\"column-3\"><\/td>\n<\/tr>\n<tr class=\"row-112\">\n\t<td class=\"column-1\">15 d\u00e9c. 2012<\/td><td class=\"column-2\">\u00ab Peut-on appliquer le principe d\u2019Heisenberg \u00e0 la philosophie ? \u00bb<\/td><td class=\"column-3\"><\/td>\n<\/tr>\n<tr class=\"row-113\">\n\t<td class=\"column-1\">20 oct. 2012<\/td><td class=\"column-2\">\u00ab La d\u00e9p\u00e9nalisation du cannabis, et apr\u00e8s ? \u00bb<\/td><td class=\"column-3\"><\/td>\n<\/tr>\n<tr class=\"row-114\">\n\t<td class=\"column-1\">15 sept. 2012<\/td><td class=\"column-2\">\u00ab Pourquoi entretenir le patrimoine ? \u00bb<\/td><td class=\"column-3\"><\/td>\n<\/tr>\n<tr class=\"row-115\">\n\t<td class=\"column-1\">16 juin 2012<\/td><td class=\"column-2\">\u00ab Qu'apporte l'affection, au r\u00e9el ? \u00bb<\/td><td class=\"column-3\"><\/td>\n<\/tr>\n<tr class=\"row-116\">\n\t<td class=\"column-1\">19 mai 2012<\/td><td class=\"column-2\">\u00ab Qu'est-ce qu'\u00eatre Pr\u00e9sident ?\u2026 \u00bb<\/td><td class=\"column-3\"><\/td>\n<\/tr>\n<tr class=\"row-117\">\n\t<td class=\"column-1\">21 avril 2012<\/td><td class=\"column-2\">\u00ab La la\u00efcit\u00e9 doit-elle devenir une religion d'Etat ? \u00bb<\/td><td class=\"column-3\"><\/td>\n<\/tr>\n<tr class=\"row-118\">\n\t<td class=\"column-1\">17 mars 2012<\/td><td class=\"column-2\">\u00ab Avec l'\u00e2ge, sagesse ou folie ? \u00bb<\/td><td class=\"column-3\"><\/td>\n<\/tr>\n<tr class=\"row-119\">\n\t<td class=\"column-1\">18 f\u00e9vr. 2012<\/td><td class=\"column-2\">\u00ab L'\u00e9galit\u00e9 hommes \/ femmes est-elle possible ? \u00bb<\/td><td class=\"column-3\"><\/td>\n<\/tr>\n<tr class=\"row-120\">\n\t<td class=\"column-1\">21 janv. 2012<\/td><td class=\"column-2\">5\u00b0 anniversaire : \u00ab Du besoin \u00e0 l\u2019addiction \u00bb<\/td><td class=\"column-3\"><\/td>\n<\/tr>\n<tr class=\"row-121\">\n\t<td class=\"column-1\">17 d\u00e9c. 2011<\/td><td class=\"column-2\">\u00ab Le pass\u00e9 existe-t-il ? \u00bb<\/td><td class=\"column-3\"><\/td>\n<\/tr>\n<tr class=\"row-122\">\n\t<td class=\"column-1\">19 nov. 2011<\/td><td class=\"column-2\">\u00ab \u00c9cologie et anthropologie \u00bb<\/td><td class=\"column-3\"><\/td>\n<\/tr>\n<tr class=\"row-123\">\n\t<td class=\"column-1\">15 oct. 2011<\/td><td class=\"column-2\">\u00ab Le pouvoir, pour quoi faire ? \u00bb<\/td><td class=\"column-3\"><\/td>\n<\/tr>\n<tr class=\"row-124\">\n\t<td class=\"column-1\">17 sept. 2011<\/td><td class=\"column-2\">\u00ab D\u00e9mocratie et opinion publique \u00bb<\/td><td class=\"column-3\"><\/td>\n<\/tr>\n<tr class=\"row-125\">\n\t<td class=\"column-1\">18 juin 2011<\/td><td class=\"column-2\">\u00ab L\u2019homme est-il condamn\u00e9 \u00e0 se faire des illusions sur                lui-m\u00eame ? \u00bb, un des sujets du bac 2011.<\/td><td class=\"column-3\"><\/td>\n<\/tr>\n<tr class=\"row-126\">\n\t<td class=\"column-1\">21 mai 2011<\/td><td class=\"column-2\">\u00ab Une femme doit-elle choisir entre maternit\u00e9 et f\u00e9minit\u00e9 ? \u00bb<\/td><td class=\"column-3\"><\/td>\n<\/tr>\n<tr class=\"row-127\">\n\t<td class=\"column-1\">16 avril 2011<\/td><td class=\"column-2\">\u00ab La tour de Babel ! \u00bb<\/td><td class=\"column-3\"><\/td>\n<\/tr>\n<tr class=\"row-128\">\n\t<td class=\"column-1\">19 mars 2011<\/td><td class=\"column-2\">\u00ab Habitant d\u2019Alpha du Centaure, en quoi la preuve de ton existence changerait-elle ma vie ? \u00bb<\/td><td class=\"column-3\"><\/td>\n<\/tr>\n<tr class=\"row-129\">\n\t<td class=\"column-1\">19 f\u00e9vr. 2011<\/td><td class=\"column-2\">\u00ab Choisir ou subir sa vie !? \u00bb<\/td><td class=\"column-3\"><\/td>\n<\/tr>\n<tr class=\"row-130\">\n\t<td class=\"column-1\">15 janv. 2011<\/td><td class=\"column-2\">4\u00b0 anniversaire : \u00ab Faut-il donner un sens \u00e0 sa vie ? \u00bb<\/td><td class=\"column-3\"><\/td>\n<\/tr>\n<tr class=\"row-131\">\n\t<td class=\"column-1\">18 d\u00e9c. 2010<\/td><td class=\"column-2\">\u00ab Amour et cadeaux ? \u00bb<\/td><td class=\"column-3\"><\/td>\n<\/tr>\n<tr class=\"row-132\">\n\t<td class=\"column-1\">20 nov. 2010<\/td><td class=\"column-2\">\u00ab L\u2019esprit de famille, aujourd\u2019hui ? \u00bb<\/td><td class=\"column-3\"><\/td>\n<\/tr>\n<tr class=\"row-133\">\n\t<td class=\"column-1\">16 oct. 2010<\/td><td class=\"column-2\">\u00ab Travailler plus, pour ?\u2026 \u00bb<\/td><td class=\"column-3\"><\/td>\n<\/tr>\n<tr class=\"row-134\">\n\t<td class=\"column-1\">18 sept. 2010<\/td><td class=\"column-2\">\u00ab Qu\u2019est-ce qu\u2019\u00eatre citoyen ? \u00bb<\/td><td class=\"column-3\"><\/td>\n<\/tr>\n<tr class=\"row-135\">\n\t<td class=\"column-1\">19 juin 2010<\/td><td class=\"column-2\">\u00ab Faut-il oublier le pass\u00e9 pour se construire un avenir ? \u00bb,    proche d\u2019un sujet du bac 2010.<\/td><td class=\"column-3\"><\/td>\n<\/tr>\n<tr class=\"row-136\">\n\t<td class=\"column-1\">15 mai 2010<\/td><td class=\"column-2\">\u00ab Le vrai est-il le r\u00e9el ? \u00bb<\/td><td class=\"column-3\"><\/td>\n<\/tr>\n<tr class=\"row-137\">\n\t<td class=\"column-1\">17 avril 2010<\/td><td class=\"column-2\">\u00ab Les nouvelles formes de communication constituent-elles une alternative \u00e0 la solitude ? \u00bb<\/td><td class=\"column-3\"><\/td>\n<\/tr>\n<tr class=\"row-138\">\n\t<td class=\"column-1\">20 mars 2010<\/td><td class=\"column-2\">\u00ab Peut-on (faire) rire de tout ? \u00bb<\/td><td class=\"column-3\"><\/td>\n<\/tr>\n<tr class=\"row-139\">\n\t<td class=\"column-1\">20 f\u00e9vr. 2010<\/td><td class=\"column-2\">\u00ab La joie de vivre ? \u00bb<\/td><td class=\"column-3\"><\/td>\n<\/tr>\n<tr class=\"row-140\">\n\t<td class=\"column-1\">16 janv. 2010<\/td><td class=\"column-2\">3\u00b0 anniversaire : \u00ab Politique et sentiments \u00bb<\/td><td class=\"column-3\"><\/td>\n<\/tr>\n<tr class=\"row-141\">\n\t<td class=\"column-1\">19 d\u00e9c. 2009<\/td><td class=\"column-2\">\u00ab La f\u00e9minit\u00e9 est-elle un sujet de philosophie ? \u00bb<\/td><td class=\"column-3\"><\/td>\n<\/tr>\n<tr class=\"row-142\">\n\t<td class=\"column-1\">21 nov. 2009<\/td><td class=\"column-2\">\u00ab Pourquoi tant d\u2019acharnement contre les femmes ? \u00bb<\/td><td class=\"column-3\"><\/td>\n<\/tr>\n<tr class=\"row-143\">\n\t<td class=\"column-1\">17 oct. 2009<\/td><td class=\"column-2\">\u00ab Les rituels favorisent-ils toujours le lien social ? \u00bb<\/td><td class=\"column-3\"><\/td>\n<\/tr>\n<tr class=\"row-144\">\n\t<td class=\"column-1\">19 sept. 2009<\/td><td class=\"column-2\">\u00ab Ouvrer ou travailler ? \u00bb<\/td><td class=\"column-3\"><\/td>\n<\/tr>\n<tr class=\"row-145\">\n\t<td class=\"column-1\">20 juin 2009<\/td><td class=\"column-2\">\u00ab Une id\u00e9ologie pour le 21\u00e8me si\u00e8cle !? \u00bb<\/td><td class=\"column-3\"><\/td>\n<\/tr>\n<tr class=\"row-146\">\n\t<td class=\"column-1\">16 mai 2009<\/td><td class=\"column-2\">\u00ab Comment pousser les gens \u00e0 l\u2019initiative ? \u00bb<\/td><td class=\"column-3\"><\/td>\n<\/tr>\n<tr class=\"row-147\">\n\t<td class=\"column-1\">18 avril 2009<\/td><td class=\"column-2\">\u00ab De la r\u00e9alit\u00e9 du m\u00e9rite \u00bb<\/td><td class=\"column-3\"><\/td>\n<\/tr>\n<tr class=\"row-148\">\n\t<td class=\"column-1\">21 mars 2009<\/td><td class=\"column-2\">\u00ab La violence est-elle un nouveau mode de communication ? \u00bb<\/td><td class=\"column-3\"><\/td>\n<\/tr>\n<tr class=\"row-149\">\n\t<td class=\"column-1\">21 f\u00e9vr. 2009<\/td><td class=\"column-2\">\u00ab Faut-il \u00eatre juste avant d\u2019\u00eatre g\u00e9n\u00e9reux ? \u00bb<\/td><td class=\"column-3\"><\/td>\n<\/tr>\n<tr class=\"row-150\">\n\t<td class=\"column-1\">17 janv. 2009<\/td><td class=\"column-2\">2\u00b0 anniversaire : \u00ab La situation de crise \u00e9conomique est-elle un danger pour la d\u00e9mocratie ? \u00bb<\/td><td class=\"column-3\"><\/td>\n<\/tr>\n<tr class=\"row-151\">\n\t<td class=\"column-1\">20 d\u00e9c. 2008<\/td><td class=\"column-2\">\u00ab Le pardon r\u00e9sout-il le probl\u00e8me de la faute ? \u00bb<\/td><td class=\"column-3\"><\/td>\n<\/tr>\n<tr class=\"row-152\">\n\t<td class=\"column-1\">15 nov. 2008<\/td><td class=\"column-2\">\u00ab Comment s'adapter aux \u00e9carts culturels entre g\u00e9n\u00e9rations ? \u00bb<\/td><td class=\"column-3\"><\/td>\n<\/tr>\n<tr class=\"row-153\">\n\t<td class=\"column-1\">18 oct. 2008<\/td><td class=\"column-2\">\u00ab Faire rien et ne rien faire \u00bb<\/td><td class=\"column-3\"><\/td>\n<\/tr>\n<tr class=\"row-154\">\n\t<td class=\"column-1\">20 sept. 2008<\/td><td class=\"column-2\">\u00ab Qu'est-ce qu'on s'autorise \u00e0 rendre public de soi ? \u00bb<\/td><td class=\"column-3\"><\/td>\n<\/tr>\n<tr class=\"row-155\">\n\t<td class=\"column-1\">21 juin 2008<\/td><td class=\"column-2\">\u00ab La connaissance scientifique du vivant est-elle possible ? \u00bb,     un des sujets du bac 2008.<\/td><td class=\"column-3\"><\/td>\n<\/tr>\n<tr class=\"row-156\">\n\t<td class=\"column-1\">17 mai 2008<\/td><td class=\"column-2\">\u00ab Toc toc, Bobo ! \u00bb<\/td><td class=\"column-3\"><\/td>\n<\/tr>\n<tr class=\"row-157\">\n\t<td class=\"column-1\">19 avril 2008<\/td><td class=\"column-2\">\u00ab Peut-on g\u00e9rer l\u2019humain ? \u00bb<\/td><td class=\"column-3\"><\/td>\n<\/tr>\n<tr class=\"row-158\">\n\t<td class=\"column-1\">15 mars 2008<\/td><td class=\"column-2\">\u00ab Ne risque-t-on pas de para\u00eetre \"idiots\", \u00e0 force de respecter une certaine \u00e9thique ? \u00bb<\/td><td class=\"column-3\"><\/td>\n<\/tr>\n<tr class=\"row-159\">\n\t<td class=\"column-1\">16 f\u00e9vr. 2008<\/td><td class=\"column-2\">\u00ab Quand tu me dis \"je t'ai compris\", m'as-tu compris ? \u00bb<\/td><td class=\"column-3\"><\/td>\n<\/tr>\n<tr class=\"row-160\">\n\t<td class=\"column-1\">19 janv. 2008<\/td><td class=\"column-2\">1\u00b0 anniversaire (anim\u00e9 par Gunter GORHAN) : \u00ab La normalit\u00e9 peut-elle \u00eatre anormale ? \u00bb<\/td><td class=\"column-3\"><\/td>\n<\/tr>\n<tr class=\"row-161\">\n\t<td class=\"column-1\">15 d\u00e9c. 2007<\/td><td class=\"column-2\">\u00ab Philosopher au quotidien ? \u00bb<\/td><td class=\"column-3\"><\/td>\n<\/tr>\n<tr class=\"row-162\">\n\t<td class=\"column-1\">17 nov. 2007<\/td><td class=\"column-2\">\u00ab Peut-on \u00eatre fid\u00e8le \u00e0 soi-m\u00eame ? \u00bb<\/td><td class=\"column-3\"><\/td>\n<\/tr>\n<tr class=\"row-163\">\n\t<td class=\"column-1\">20 oct. 2007<\/td><td class=\"column-2\">\u00ab Dieu est-il incontournable ? \u00bb<\/td><td class=\"column-3\"><\/td>\n<\/tr>\n<tr class=\"row-164\">\n\t<td class=\"column-1\">15 sept. 2007<\/td><td class=\"column-2\">\u00ab \u00c0 quoi sert le travail ? \u00bb<\/td><td class=\"column-3\"><\/td>\n<\/tr>\n<tr class=\"row-165\">\n\t<td class=\"column-1\">16 juin 2007<\/td><td class=\"column-2\">\u00ab L'h(H)omme est-il un animal comme les autres ? \u00bb<\/td><td class=\"column-3\"><\/td>\n<\/tr>\n<tr class=\"row-166\">\n\t<td class=\"column-1\">19 mai 2007<\/td><td class=\"column-2\">\u00ab La joie dans la cr\u00e9ation artistique \u00bb<\/td><td class=\"column-3\"><\/td>\n<\/tr>\n<tr class=\"row-167\">\n\t<td class=\"column-1\">21 avril 2007<\/td><td class=\"column-2\">\u00ab Je mange donc je suis ! \u00bb<\/td><td class=\"column-3\"><\/td>\n<\/tr>\n<tr class=\"row-168\">\n\t<td class=\"column-1\">17 mars 2007<\/td><td class=\"column-2\">\u00ab Dans l\u2019id\u00e9e de r\u00e9sistance, il y a-t-il l\u2019obligation de d\u00e9sob\u00e9issance \u00e0 l\u2019insupportable ? \u00bb, Lucie Aubrac.<\/td><td class=\"column-3\"><\/td>\n<\/tr>\n<tr class=\"row-169\">\n\t<td class=\"column-1\">17 f\u00e9vr. 2007<\/td><td class=\"column-2\">\u00ab Le temps de la r\u00e9flexion \u00bb<\/td><td class=\"column-3\"><\/td>\n<\/tr>\n<tr class=\"row-170\">\n\t<td class=\"column-1\">20 janv. 2007<\/td><td class=\"column-2\">Ouverture du Caf\u00e9 Philo au Bistrot de l'Est, 6 rue de la Gare \u00e0 Thorigny (animateur G. GORHAN, cofondateur des Caf\u00e9s Philo) :<br \/>\n\u00ab Le fait de s\u2019incliner n\u2019humilie pas l\u2019agresseur mais l\u2019\u00e9l\u00e8ve \u00bb, le Mahatma Gandhi.<\/td><td class=\"column-3\"><\/td>\n<\/tr>\n<\/tbody>\n<\/table>\n<!-- #tablepress-1 from cache -->\n","protected":false},"excerpt":{"rendered":"","protected":false},"author":1,"featured_media":0,"parent":0,"menu_order":0,"comment_status":"closed","ping_status":"closed","template":"","meta":{"footnotes":""},"class_list":["post-11","page","type-page","status-publish","hentry"],"_links":{"self":[{"href":"https:\/\/www.cafephilolagny.fr\/index.php?rest_route=\/wp\/v2\/pages\/11","targetHints":{"allow":["GET"]}}],"collection":[{"href":"https:\/\/www.cafephilolagny.fr\/index.php?rest_route=\/wp\/v2\/pages"}],"about":[{"href":"https:\/\/www.cafephilolagny.fr\/index.php?rest_route=\/wp\/v2\/types\/page"}],"author":[{"embeddable":true,"href":"https:\/\/www.cafephilolagny.fr\/index.php?rest_route=\/wp\/v2\/users\/1"}],"replies":[{"embeddable":true,"href":"https:\/\/www.cafephilolagny.fr\/index.php?rest_route=%2Fwp%2Fv2%2Fcomments&post=11"}],"version-history":[{"count":2,"href":"https:\/\/www.cafephilolagny.fr\/index.php?rest_route=\/wp\/v2\/pages\/11\/revisions"}],"predecessor-version":[{"id":47,"href":"https:\/\/www.cafephilolagny.fr\/index.php?rest_route=\/wp\/v2\/pages\/11\/revisions\/47"}],"wp:attachment":[{"href":"https:\/\/www.cafephilolagny.fr\/index.php?rest_route=%2Fwp%2Fv2%2Fmedia&parent=11"}],"curies":[{"name":"wp","href":"https:\/\/api.w.org\/{rel}","templated":true}]}}